{"id":17303,"date":"2024-07-17T10:47:14","date_gmt":"2024-07-17T10:47:14","guid":{"rendered":"https:\/\/centam.ardecom.com\/?page_id=17303"},"modified":"2026-02-16T16:29:44","modified_gmt":"2026-02-16T16:29:44","slug":"medias","status":"publish","type":"page","link":"https:\/\/centam.ca\/en\/medias\/","title":{"rendered":"Medias"},"content":{"rendered":"\t\t<div data-elementor-type=\"wp-page\" data-elementor-id=\"17303\" class=\"elementor elementor-17303 elementor-16187\" data-elementor-post-type=\"page\">\n\t\t\t\t<div class=\"elementor-element elementor-element-03a40a2 e-con-full e-flex e-con e-parent\" data-id=\"03a40a2\" data-element_type=\"container\">\n\t\t\t\t<div class=\"elementor-element elementor-element-114bb31 elementor-widget elementor-widget-template\" data-id=\"114bb31\" data-element_type=\"widget\" data-widget_type=\"template.default\">\n\t\t\t\t<div class=\"elementor-widget-container\">\n\t\t\t\t\t\t\t<div class=\"elementor-template\">\n\t\t\t\t\t<div data-elementor-type=\"container\" data-elementor-id=\"14803\" class=\"elementor elementor-14803\" data-elementor-post-type=\"elementor_library\">\n\t\t\t\t<div class=\"elementor-element elementor-element-6a0e6c37 e-con-full e-flex e-con e-parent\" data-id=\"6a0e6c37\" data-element_type=\"container\" data-settings=\"{&quot;background_background&quot;:&quot;gradient&quot;}\">\n\t\t<div class=\"elementor-element elementor-element-1f9f129c e-grid e-con-boxed e-con e-child\" data-id=\"1f9f129c\" data-element_type=\"container\">\n\t\t\t\t\t<div class=\"e-con-inner\">\n\t\t\t\t<div class=\"elementor-element elementor-element-67d11c39 elementor-widget elementor-widget-heading\" data-id=\"67d11c39\" data-element_type=\"widget\" data-widget_type=\"heading.default\">\n\t\t\t\t<div class=\"elementor-widget-container\">\n\t\t\t\t\t<h1 class=\"elementor-heading-title elementor-size-default\">Medias<\/h1>\t\t\t\t<\/div>\n\t\t\t\t<\/div>\n\t\t\t\t<div class=\"elementor-element elementor-element-20a4ba12 elementor-widget-divider--view-line elementor-widget elementor-widget-divider\" data-id=\"20a4ba12\" data-element_type=\"widget\" data-widget_type=\"divider.default\">\n\t\t\t\t<div class=\"elementor-widget-container\">\n\t\t\t\t\t\t\t<div class=\"elementor-divider\">\n\t\t\t<span class=\"elementor-divider-separator\">\n\t\t\t\t\t\t<\/span>\n\t\t<\/div>\n\t\t\t\t\t\t<\/div>\n\t\t\t\t<\/div>\n\t\t\t\t\t<\/div>\n\t\t\t\t<\/div>\n\t\t\t\t<\/div>\n\t\t\t\t<\/div>\n\t\t\t\t<\/div>\n\t\t\t\t\t\t<\/div>\n\t\t\t\t<\/div>\n\t\t\t\t<\/div>\n\t\t<div class=\"elementor-element elementor-element-6a5e0a9 e-flex e-con-boxed e-con e-parent\" data-id=\"6a5e0a9\" data-element_type=\"container\">\n\t\t\t\t\t<div class=\"e-con-inner\">\n\t\t\t\t<div class=\"elementor-element elementor-element-e27c28a elementor-widget elementor-widget-text-editor\" data-id=\"e27c28a\" data-element_type=\"widget\" data-widget_type=\"text-editor.default\">\n\t\t\t\t<div class=\"elementor-widget-container\">\n\t\t\t\t\t\t\t\t\t<table><tbody><tr><td class=\"r1\"><h4>Ann\u00e9e<\/h4><\/td><td class=\"r2\"><h4>M\u00e9dia et sujet<\/h4><\/td><\/tr><tr><td class=\"r1\"><p>Mai 2012<\/p><\/td><td class=\"r2\"><p>RDS<br \/>\u00c9duquer pour pr\u00e9venir les commotions<\/p><\/td><\/tr><tr><td class=\"r1\"><p>Mai 2012<\/p><\/td><td class=\"r2\"><p>TVA Nouvelles<br \/>Semaine qu\u00e9b\u00e9coise du traumatisme cranioc\u00e9r\u00e9bral<\/p><\/td><\/tr><tr><td class=\"r1\"><p>Avril 2012<\/p><\/td><td class=\"r2\"><p>RDI<br \/>Commotion c\u00e9r\u00e9brale de Carey Price<\/p><\/td><\/tr><tr><td class=\"r1\"><p>Mars 2012<\/p><\/td><td class=\"r2\"><p>The Globe and Mail<br \/>Les commotions c\u00e9r\u00e9brales d\u2019origine sportive frappent durement le cerveau de l\u2019adolescent<\/p><\/td><\/tr><tr><td class=\"r1\"><p>F\u00e9vrier 2012<\/p><\/td><td class=\"r2\"><p>Times Colonist<br \/>Les adolescents souffrent de plus grands effets suite \u00e0 une commotion c\u00e9r\u00e9brale que les enfants et les adultes<\/p><\/td><\/tr><tr><td class=\"r1\"><p>F\u00e9vrier 2012<\/p><\/td><td class=\"r2\"><p>Globe Montreal<br \/>Une nouvelle \u00e9tude affirme que les programmes de sport \u00e0 l\u2019\u00e9cole devraient surveiller les athl\u00e8tes commotionn\u00e9s<\/p><\/td><\/tr><tr><td class=\"r1\"><p>F\u00e9vrier 2012<\/p><\/td><td class=\"r2\"><p>Montreal Gazette<br \/>Les commotions c\u00e9r\u00e9brales ont un impact plus grand chez les adolescents que chez les enfants ou les adultes<\/p><\/td><\/tr><tr><td class=\"r1\"><p>F\u00e9vrier 2012<\/p><\/td><td class=\"r2\"><p>CTV<br \/>Commotions c\u00e9r\u00e9brales au soccer<br \/><a href=\"http:\/\/montreal.ctv.ca\/servlet\/an\/local\/CTVNews\/20120225\/mtl_headed_for_trouble_120225\/20120301\/?hub=MontrealHome\" target=\"_blank\" rel=\"noopener\">http:\/\/montreal.ctv.ca\/servlet\/an\/local\/CTVNews\/20120225\/mtl_headed_for_trouble_120225\/20120301\/?hub=MontrealHome<\/a><\/p><\/td><\/tr><tr><td class=\"r1\"><p>F\u00e9vrier 2012<\/p><\/td><td class=\"r2\"><p>D\u00e9couverte<br \/>Commotion c\u00e9r\u00e9brale chez les adolescents<br \/><a href=\"http:\/\/www.tou.tv\/decouverte\/S2011E20\" target=\"_blank\" rel=\"noopener\">http:\/\/www.tou.tv\/decouverte\/S2011E20<\/a><\/p><\/td><\/tr><tr><td class=\"r1\"><p>Janvier 2012<\/p><\/td><td class=\"r2\"><p>Ottawa Citizen<br \/>Les adolescents font face \u00e0 de plus grands risques suite \u00e0 une commotion<\/p><\/td><\/tr><tr><td class=\"r1\"><p>Janvier 2012<\/p><\/td><td class=\"r2\"><p>Vancouver Sun<br \/>Les adolescents font face \u00e0 de plus grands risques suite \u00e0 une commotion<\/p><\/td><\/tr><tr><td class=\"r1\"><p>Janvier 2012<\/p><\/td><td class=\"r2\"><p>Radio-Canada Home Run<br \/>Commotion chez les enfants et les adolescents<br \/><a href=\"http:\/\/www.cbc.ca\/homerun\/2012\/01\/19\/concussions\/\" target=\"_blank\" rel=\"noopener\">http:\/\/www.cbc.ca\/homerun\/2012\/01\/19\/concussions\/<\/a><\/p><\/td><\/tr><tr><td class=\"r1\"><p>Janvier 2012<\/p><\/td><td class=\"r2\"><p>Le T\u00e9l\u00e9journal &#8211; Radio-Canada Vancouver<br \/>Comprendre les troubles d\u2019apprentissage<\/p><\/td><\/tr><tr><td class=\"r1\"><p>Janvier 2012<\/p><\/td><td class=\"r2\"><p>Phare Ouest &#8211; Radio de Radio-Canada Vancouver<br \/>Comprendre les troubles d\u2019apprentissage<br \/><a href=\"http:\/\/www.radio-canada.ca\/audio-video\/pop.shtml#urlMedia=http:\/\/www.radio-canada.ca\/Medianet\/2012\/CBUF\/Phareouest201201060750.asx\" target=\"_blank\" rel=\"noopener\">http:\/\/www.radio-canada.ca\/audio-video\/pop.shtml#urlMedia=http:\/\/www.radio-canada.ca\/Medianet\/2012\/CBUF\/Phareouest201201060750.asx<\/a><\/p><\/td><\/tr><tr><td class=\"r1\"><p>D\u00e9cembre 2011<\/p><\/td><td class=\"r2\"><p>RDI<br \/>Sympt\u00f4mes persistants de Sidney Crosby<br \/><a href=\"http:\/\/www.radio-canada.ca\/emissions\/24_heures_en_60_minutes\/2011-2012\/Entrevue.asp?idDoc=190903\" target=\"_blank\" rel=\"noopener\">http:\/\/www.radio-canada.ca\/emissions\/24_heures_en_60_minutes\/2011-2012\/Entrevue.asp?idDoc=190903<\/a><\/p><\/td><\/tr><tr><td class=\"r1\"><p>D\u00e9cembre 2011<\/p><\/td><td class=\"r2\"><p>RDI<br \/>Retrait de Sidney Crosby<\/p><\/td><\/tr><tr><td class=\"r1\"><p>D\u00e9cembre 2011<\/p><\/td><td class=\"r2\"><p>RDS<br \/>Commentaire Sidney Crosby<br \/><a href=\"http:\/\/sport.sympatico.ca\/nouvelles\/retour_de_crosby_un_bemol_necessaire\/e8320737\" target=\"_blank\" rel=\"noopener\">http:\/\/sport.sympatico.ca\/nouvelles\/retour_de_crosby_un_bemol_necessaire\/e8320737<\/a><\/p><\/td><\/tr><tr><td class=\"r1\"><p>Novembre 2011<\/p><\/td><td class=\"r2\"><p>RDS<br \/>Les commotions c\u00e9r\u00e9brales de Sidney Crosby<br \/><a href=\"http:\/\/www.rds.ca\/hockey\/chroniques\/330595.html\" target=\"_blank\" rel=\"noopener\">http:\/\/www.rds.ca\/hockey\/chroniques\/330595.html<\/a><\/p><\/td><\/tr><tr><td class=\"r1\"><p>Novembre 2011<\/p><\/td><td class=\"r2\"><p>TVA sports<br \/>Commotion c\u00e9r\u00e9brale et violence dans les sports<\/p><\/td><\/tr><tr><td class=\"r1\"><p>Octobre 2011<\/p><\/td><td class=\"r2\"><p>Les ann\u00e9es lumi\u00e8res \u2013 Radio de Radio-Canada<br \/>Les commotions c\u00e9r\u00e9brales d\u2019origine sportive chez les enfants<\/p><\/td><\/tr><tr><td class=\"r1\"><p>Octobre 2011<\/p><\/td><td class=\"r2\"><p>L\u2019activit\u00e9 physique \u2013 Radio de Radio-Canada<br \/>Les commotions c\u00e9r\u00e9brales et le trouble d\u2019audition centrale<\/p><\/td><\/tr><tr><td class=\"r1\"><p>Septembre 2011<\/p><\/td><td class=\"r2\"><p>La Presse<br \/>Commotion c\u00e9r\u00e9brale et violence au hockey<br \/><a href=\"http:\/\/www.radio-canada.ca\/audio-video\/pop.shtml#urlMedia=http:\/\/www.radio-canada.ca\/Medianet\/2011\/CBF\/LesAnneeslumiere201109181215_2.asx\" target=\"_blank\" rel=\"noopener\">http:\/\/www.cyberpresse.ca\/sports\/hockey\/201109\/30\/01-4452830-commotions-cerebrales-des-decouvertes-scientifiques-qui-ne-rassurent-personne.php<\/a><\/p><\/td><\/tr><tr><td class=\"r1\"><p>Septembre 2011<\/p><\/td><td class=\"r2\"><p>Les ann\u00e9es lumi\u00e8res &#8211; Radio de Radio-Canada<br \/>Mise en \u00e9chec corporel chez les joueurs hockey de niveau pee-wee<br \/><a href=\"http:\/\/www.radio-canada.ca\/audio-video\/pop.shtml#urlMedia=http:\/\/www.radio-canada.ca\/Medianet\/2011\/CBF\/LesAnneeslumiere201109181215_2.asx\" target=\"_blank\" rel=\"noopener\">http:\/\/www.radio-canada.ca\/audio-video\/pop.shtml#urlMedia=http:\/\/www.radio-canada.ca\/Medianet\/2011\/CBF\/LesAnneeslumiere201109181215_2.asx<\/a><\/p><\/td><\/tr><tr><td class=\"r1\"><p>Juin 2011<\/p><\/td><td class=\"r2\"><p>Maclean\u2019s<br \/>Commotion c\u00e9r\u00e9brale chez les femmes<br \/><a href=\"http:\/\/www2.macleans.ca\/2011\/06\/17\/blindsided\/\" target=\"_blank\" rel=\"noopener\">http:\/\/www2.macleans.ca\/2011\/06\/17\/blindsided\/<\/a><\/p><\/td><\/tr><tr><td class=\"r1\"><p>Avril 2011<\/p><\/td><td class=\"r2\"><p>Rue Frontenac<br \/>Commotion c\u00e9r\u00e9brale et troubles d\u2019audition centrale<br \/><a href=\"http:\/\/www2.macleans.ca\/2011\/06\/17\/blindsided\/\" target=\"_blank\" rel=\"noopener\">http:\/\/www2.macleans.ca\/2011\/06\/17\/blindsided\/<\/a><\/p><\/td><\/tr><tr><td class=\"r1\"><p>Avril 2011<\/p><\/td><td class=\"r2\"><p>JE &#8211; TVA<br \/>Commotion c\u00e9r\u00e9brale chez les femmes<br \/><a href=\"http:\/\/tva.canoe.ca\/cgi-bin\/player\/player_preroll.pl?titre=Reportage%20J.E.&amp;emission=je&amp;video=877090644001&amp;reseau=TVA&amp;sectionlevel=&amp;sectionvaleur=&amp;player=43787007001&amp;publisher=43787007001&amp;width=480&amp;height=306\" target=\"_blank\" rel=\"noopener\">lien<\/a><\/p><\/td><\/tr><tr><td class=\"r1\"><p>Avril 2011<\/p><\/td><td class=\"r2\"><p>Journal Forum \u2013 Universit\u00e9 de Montr\u00e9al<br \/>Les commotions c\u00e9r\u00e9brales li\u00e9es au sport peuvent affecter l\u2019audition centrale<br \/><a href=\"http:\/\/www.nouvelles.umontreal.ca\/recherche\/sciences-de-la-sante\/20110411-les-commotions-cerebrales-liees-au-sport-peuvent-affecter-laudition-centrale.html\" target=\"_blank\" rel=\"noopener\">http:\/\/www.nouvelles.umontreal.ca\/recherche\/sciences-de-la-sante\/20110411-les-commotions-cerebrales-liees-au-sport-peuvent-affecter-laudition-centrale.html<\/a><\/p><\/td><\/tr><tr><td class=\"r1\"><p>Mars 2011<\/p><\/td><td class=\"r2\"><p>CBC Radio<br \/>Commotion c\u00e9r\u00e9brale chez les femmes<\/p><\/td><\/tr><tr><td class=\"r1\"><p>Mars 2011<\/p><\/td><td class=\"r2\"><p>The Globe and Mail<br \/>Commotion c\u00e9r\u00e9brale chez les femmes<br \/><a href=\"http:\/\/www.theglobeandmail.com\/sports\/hockey\/concussions\/females-more-susceptible-to-concussion-studies-suggest\/article1948293\/\" target=\"_blank\" rel=\"noopener\">http:\/\/www.theglobeandmail.com\/sports\/hockey\/concussions\/females-more-susceptible-to-concussion-studies-suggest\/article1948293\/<\/a><\/p><\/td><\/tr><tr><td class=\"r1\"><p>Mars 2011<\/p><\/td><td class=\"r2\"><p>La Presse<br \/>Les Bruins: du c\u0153ur et du cran<br \/><a href=\"http:\/\/www.cyberpresse.ca\/chroniqueurs\/philippe-cantin\/201103\/25\/01-4383009-les-bruins-du-coeur-et-du-cran.php\" target=\"_blank\" rel=\"noopener\">http:\/\/www.cyberpresse.ca\/chroniqueurs\/philippe-cantin\/201103\/25\/01-4383009-les-bruins-du-coeur-et-du-cran.php<\/a><\/p><\/td><\/tr><tr><td class=\"r1\"><p>Novembre 2010<\/p><\/td><td class=\"r2\"><p>Le T\u00e9l\u00e9journal \u2013 Radio-Canada<br \/>Commotion c\u00e9r\u00e9brale chez les adolescents<br \/><a href=\"http:\/\/www.radio-canada.ca\/emissions\/telejournal_18h\/2010-2011\/Reportage.asp?idDoc=124923\" target=\"_blank\" rel=\"noopener\">http:\/\/www.radio-canada.ca\/emissions\/telejournal_18h\/2010-2011\/Reportage.asp?idDoc=124923<\/a><\/p><\/td><\/tr><tr><td class=\"r1\"><p>Novembre 2010<\/p><\/td><td class=\"r2\"><p>Coup de pouce<br \/>Le cerveau et l\u2019activit\u00e9 physique<br \/><a href=\"http:\/\/www.coupdepouce.com\/bien-dans-mon-corps\/sante\/mon-cerveau-est-il-en-forme\/a\/33213\/3\" target=\"_blank\" rel=\"noopener\">http:\/\/www.coupdepouce.com\/bien-dans-mon-corps\/sante\/mon-cerveau-est-il-en-forme\/a\/33213\/3<\/a><\/p><\/td><\/tr><tr><td class=\"r1\"><p>Octobre 2010<\/p><\/td><td class=\"r2\"><p>Jobboom<br \/>D\u00e9ficit de l\u2019attention au travail<br \/><a href=\"http:\/\/carriere.jobboom.com\/mode-vie\/vie-travail\/2010\/10\/12\/15660146-jm.html\" target=\"_blank\" rel=\"noopener\">http:\/\/carriere.jobboom.com\/mode-vie\/vie-travail\/2010\/10\/12\/15660146-jm.html<\/a><\/p><\/td><\/tr><tr><td class=\"r1\"><p>Septembre 2010<\/p><\/td><td class=\"r2\"><p>L\u2019Actualit\u00e9<br \/>Trouble du d\u00e9ficit de l\u2019attention chez les jeunes<\/p><\/td><\/tr><tr><td class=\"r1\"><p>Mars 2010<\/p><\/td><td class=\"r2\"><p>CBC News at noon<br \/>Les troubles d\u2019apprentissage\u00a0et la r\u00e9ussite scolaire<\/p><\/td><\/tr><tr><td class=\"r1\"><p>Mars 2010<\/p><\/td><td class=\"r2\"><p>Les ann\u00e9es lumi\u00e8re \u2013 Radio-Canada<br \/>Les troubles d\u2019apprentissage des enfants<br \/><a href=\"http:\/\/www.radio-canada.ca\/audio-video\/pop.shtml#urlMedia=http:\/\/www.radio-canada.ca\/Medianet\/2010\/CBF\/LesAnneeslumiere201003281305_1.asx\" target=\"_blank\" rel=\"noopener\">http:\/\/www.radio-canada.ca\/audio-video\/pop.shtml#urlMedia=http:\/\/www.radio-canada.ca\/Medianet\/2010\/CBF\/LesAnneeslumiere201003281305_1.asx<\/a><\/p><\/td><\/tr><tr><td class=\"r1\"><p>F\u00e9vrier 2010<\/p><\/td><td class=\"r2\"><p>Journal Forum \u2013 Universit\u00e9 de Montr\u00e9al<br \/>M\u00e8re active, b\u00e9b\u00e9 brillant<br \/><a href=\"http:\/\/www.nouvelles.umontreal.ca\/recherche\/sciences-de-la-sante\/mere-active-bebe-brillant.html\" target=\"blank\">http:\/\/www.nouvelles.umontreal.ca\/recherche\/sciences-de-la-sante\/mere-active-bebe-brillant.html<\/a><\/p><\/td><\/tr><tr><td class=\"r1\"><p>Janvier 2010<\/p><\/td><td class=\"r2\"><p>T\u00e9l\u00e9 Ottawa<br \/>Comprendre les troubles d\u2019apprentissages<\/p><\/td><\/tr><tr><td class=\"r1\"><p>Janvier 2010<\/p><\/td><td class=\"r2\"><p>Le Devoir<br \/>Prot\u00e9ger son cerveau<br \/><a href=\"http:\/\/www.ledevoir.com\/societe\/sante\/280753\/proteger-son-cerveau\" target=\"_blank\" rel=\"noopener\">http:\/\/www.ledevoir.com\/societe\/sante\/280753\/proteger-son-cerveau<\/a><\/p><\/td><\/tr><tr><td class=\"r1\"><p>Octobre 2009<\/p><\/td><td class=\"r2\"><p>Radio-Canada<br \/>Dyslexie<br \/><a href=\"http:\/\/www.radio-canada.ca\/nouvelles\/societe\/2009\/10\/13\/004-Dyslexie-recours.shtml\" target=\"_blank\" rel=\"noopener\">http:\/\/www.radio-canada.ca\/nouvelles\/societe\/2009\/10\/13\/004-Dyslexie-recours.shtml<\/a><\/p><\/td><\/tr><tr><td class=\"r1\"><p>Septembre 2009<\/p><\/td><td class=\"r2\"><p>Journal M\u00e9tro Montr\u00e9al<br \/>Nourrir son cerveau au flamenco<br \/><a href=\"http:\/\/www.journalmetro.com\/carrieres\/article\/298899--nourrir-son-cerveau-au-flamenco\" target=\"_blank\" rel=\"noopener\">http:\/\/www.journalmetro.com\/carrieres\/article\/298899&#8211;nourrir-son-cerveau-au-flamenco<\/a><\/p><\/td><\/tr><tr><td class=\"r1\"><p>Avril 2009<\/p><\/td><td class=\"r2\"><p>Radio Acton<br \/>Les troubles d\u2019apprentissage\u00a0et la r\u00e9ussite scolaire<\/p><\/td><\/tr><tr><td class=\"r1\"><p>Janvier 2009<\/p><\/td><td class=\"r2\">Espace<br \/>Comment le yoga peut am\u00e9liorer mon cerveau<\/td><\/tr><tr><td class=\"r1\"><p>Janvier 2009<\/p><\/td><td class=\"r2\"><p>Espace Parents<br \/>Commotion c\u00e9r\u00e9brale chez les enfants<\/p><\/td><\/tr><tr><td class=\"r1\"><p>Octobre 2008<\/p><\/td><td class=\"r2\"><p>Les ann\u00e9es lumi\u00e8res \u2013 Radio-Canada<br \/>Commotion c\u00e9r\u00e9brale chez les athl\u00e8tes<\/p><\/td><\/tr><tr><td class=\"r1\"><p>Ao\u00fbt 2008<\/p><\/td><td class=\"r2\"><p>Qu\u00e9bec Science<br \/>Cerveau et dyslexie<\/p><\/td><\/tr><tr><td class=\"r1\"><p>Mars 2008<\/p><\/td><td class=\"r2\"><p>Canoe.ca<br \/>Le retour de la confiance<br \/><a href=\"http:\/\/www.canoe.com\/artdevivre\/bienetre\/article1\/2008\/03\/20\/5059136-jdm.html\" target=\"_blank\" rel=\"noopener\">http:\/\/www.canoe.com\/artdevivre\/bienetre\/article1\/2008\/03\/20\/5059136-jdm.html<\/a><\/p><\/td><\/tr><tr><td class=\"r1\"><p>F\u00e9vrier 2008<\/p><\/td><td class=\"r2\"><p>Une pilule une petite granule \u2013 T\u00e9l\u00e9-Qu\u00e9bec<br \/>Commotion c\u00e9r\u00e9brale chez les enfants<br \/><a href=\"http:\/\/pilule.telequebec.tv\/occurrence.aspx?id=367\" target=\"_blank\" rel=\"noopener\">http:\/\/pilule.telequebec.tv\/occurrence.aspx?id=367<\/a><\/p><\/td><\/tr><tr><td class=\"r1\"><p>F\u00e9vrier 2008<\/p><\/td><td class=\"r2\">Le Devoir<br \/>Les effets de l\u2019exercice sur le cerveau de l\u2019adulte et de l\u2019enfant<br \/><a href=\"http:\/\/www.ledevoir.com\/societe\/sante\/174425\/un-esprit-sain-dans\" target=\"_blank\" rel=\"noopener\">http:\/\/www.ledevoir.com\/societe\/sante\/174425\/un-esprit-sain-dans<\/a><\/td><\/tr><tr><td class=\"r1\"><p>F\u00e9vrier 2008<\/p><\/td><td class=\"r2\"><p>Journal Forum \u2013 Universit\u00e9 de Montr\u00e9al<br \/>Quand l\u2019exercice physique muscle le cerveau<br \/><a href=\"http:\/\/www.nouvelles.umontreal.ca\/archives\/2007-2008\/content\/view\/1033\/220\/index.html\" target=\"_blank\" rel=\"noopener\">http:\/\/www.nouvelles.umontreal.ca\/archives\/2007-2008\/content\/view\/1033\/220\/index.html<\/a><\/p><\/td><\/tr><tr><td class=\"r1\"><p>Janvier 2008<\/p><\/td><td class=\"r2\"><p>D\u00e9couvrir<br \/>Les sensations du cerveau<\/p><\/td><\/tr><tr><td class=\"r1\"><p>Janvier 2008<\/p><\/td><td class=\"r2\"><p>Radio de Radio-Canada<br \/>Commotion c\u00e9r\u00e9brale chez les athl\u00e8tes professionnels<\/p><\/td><\/tr><tr><td class=\"r1\"><p>Novembre 2007<\/p><\/td><td class=\"r2\"><p>RDI<br \/>Commotion c\u00e9r\u00e9brale chez les athl\u00e8tes professionnels<\/p><\/td><\/tr><tr><td class=\"r1\"><p>Avril 2007<\/p><\/td><td class=\"r2\"><p>Ma vie en mains \u2013 Radio-Canada<br \/>Qu\u2019est-ce que la dyslexie<\/p><\/td><\/tr><tr><td class=\"r1\"><p>Mars 2007<\/p><\/td><td class=\"r2\"><p>The Montreal Gazette<br \/>Enfants et commotions<\/p><\/td><\/tr><tr><td class=\"r1\"><p>F\u00e9vrier 2007<\/p><\/td><td class=\"r2\"><p>Radio-Nord Abitibi<br \/>Les commotions c\u00e9r\u00e9brales et les sports d\u2019hiver<\/p><\/td><\/tr><tr><td class=\"r1\"><p>F\u00e9vrier 2007<\/p><\/td><td class=\"r2\"><p>News 1130 AM Vancouver<br \/>Kids and concussions<\/p><\/td><\/tr><tr><td class=\"r1\"><p>F\u00e9vrier 2007<\/p><\/td><td class=\"r2\"><p>Journal Forum \u2013 Universit\u00e9 de Montr\u00e9al<br \/>Les commotions c\u00e9r\u00e9brales ont des effets prolong\u00e9s chez les enfants<br \/><a href=\"http:\/\/www.iforum.umontreal.ca\/Forum\/2006-2007\/20070212\/R_6.html\" target=\"_blank\" rel=\"noopener\">http:\/\/www.iforum.umontreal.ca\/Forum\/2006-2007\/20070212\/R_6.html<\/a><\/p><\/td><\/tr><tr><td class=\"r1\"><p>Janvier 2007<\/p><\/td><td class=\"r2\"><p>Enfant Qu\u00e9bec<br \/>Bienfaits de l\u2019activit\u00e9 physique sur le cerveau de l\u2019enfant<\/p><\/td><\/tr><tr><td class=\"r1\"><p>D\u00e9cembre 2006<\/p><\/td><td class=\"r2\"><p>Enjeu \u2013 Radio-Canada<br \/>Les troubles d\u2019apprentissage\u00a0et la r\u00e9ussite scolaire<\/p><\/td><\/tr><tr><td class=\"r1\"><p>D\u00e9cembre 2006<\/p><\/td><td class=\"r2\"><p>5 sur 5 \u2013 Radio-Canada<br \/>Qu\u2019est-ce que la dyslexie<\/p><\/td><\/tr><tr><td class=\"r1\"><p>Septembre 2006<\/p><\/td><td class=\"r2\"><p>La Presse<br \/>Commotion c\u00e9r\u00e9brale chez les athl\u00e8tes universitaires<\/p><\/td><\/tr><tr><td class=\"r1\"><p>Septembre 2006<\/p><\/td><td class=\"r2\"><p>Bulletin de nouvelles de la Radio de Radio Canada<br \/>Commotion c\u00e9r\u00e9brale chez les athl\u00e8tes universitaires<\/p><\/td><\/tr><tr><td class=\"r1\"><p>Septembre 2006<\/p><\/td><td class=\"r2\"><p>Le T\u00e9l\u00e9journal \u2013 Radio-Canada<br \/>Commotion c\u00e9r\u00e9brale chez les athl\u00e8tes universitaires<\/p><\/td><\/tr><tr><td class=\"r1\"><p>Septembre 2006<\/p><\/td><td class=\"r2\"><p>News Break &#8211; CBC<br \/>Commotion c\u00e9r\u00e9brale chez les athl\u00e8tes universitaires<\/p><\/td><\/tr><tr><td class=\"r1\"><p>Septembre 2006<\/p><\/td><td class=\"r2\"><p>Radio de Radio-Canada &#8211; Sherbrooke<br \/>Commotion c\u00e9r\u00e9brale chez les athl\u00e8tes universitaires<\/p><\/td><\/tr><tr><td class=\"r1\"><p>Septembre 2006<\/p><\/td><td class=\"r2\"><p>West Island Chronicle<br \/>Effets \u00e0 long terme des commotions c\u00e9r\u00e9brales d\u2019origine sportive chez les athl\u00e8tes universitaires<\/p><\/td><\/tr><tr><td class=\"r1\"><p>Septembre 2006<\/p><\/td><td class=\"r2\"><p>West Island Chronicle<br \/>Effets \u00e0 long terme des commotions c\u00e9r\u00e9brales d\u2019origine sportive chez les athl\u00e8tes universitaires<\/p><\/td><\/tr><tr><td class=\"r1\"><p>Septembre 2006<\/p><\/td><td class=\"r2\"><p>Journal Forum &#8211; Universit\u00e9 de Montr\u00e9al<br \/>Commotion c\u00e9r\u00e9brale chez les athl\u00e8tes universitaires<\/p><\/td><\/tr><tr><td class=\"r1\"><p>Mai 2006<\/p><\/td><td class=\"r2\"><p>Le T\u00e9l\u00e9journal \u2013 Radio-Canada<br \/>Les commotions c\u00e9r\u00e9brales chez les jeunes joueurs de soccer<\/p><\/td><\/tr><tr><td class=\"r1\"><p>Octobre 2005<\/p><\/td><td class=\"r2\"><p>JE &#8211; TVA<br \/>Attention au neurofeedback!<\/p><\/td><\/tr><tr><td class=\"r1\"><p>Octobre 2005<\/p><\/td><td class=\"r2\"><p>L\u2019Actualit\u00e9<br \/>Neurofeedback une arnaque?<\/p><\/td><\/tr><tr><td class=\"r1\"><p>Septembre 2005<\/p><\/td><td class=\"r2\"><p>Le Devoir<br \/>D\u00e9bat sur l\u2019intelligence et les tests de QI<\/p><\/td><\/tr><tr><td class=\"r1\"><p>Septembre 2005<\/p><\/td><td class=\"r2\"><p>La revanche des nerdz \u2013 Canal Z<br \/>D\u00e9bat sur l\u2019intelligence et les tests de QI<\/p><\/td><\/tr><tr><td class=\"r1\"><p>Septembre 2005<\/p><\/td><td class=\"r2\"><p>Le Point \u2013 Radio-Canada<br \/>D\u00e9bat sur l\u2019intelligence et les tests de QI<\/p><\/td><\/tr><tr><td class=\"r1\"><p>Avril 2005<\/p><\/td><td class=\"r2\"><p>Le T\u00e9l\u00e9journal \u2013 Radio-Canada<br \/>La dyslexie et les troubles d\u2019apprentissage<\/p><\/td><\/tr><tr><td class=\"r1\"><p>F\u00e9vrier 2005<\/p><\/td><td class=\"r2\"><p>L\u2019art d\u2019\u00eatre parent \u2013 Canal Vie<br \/>Les troubles d\u2019apprentissage: comprendre et intervenir<\/p><\/td><\/tr><tr><td class=\"r1\"><p>D\u00e9cembre 2004<\/p><\/td><td class=\"r2\"><p>Simon Durivage en direct \u2013 Radio-Canada<br \/>D\u00e9bat sur les psychostimulants<\/p><\/td><\/tr><\/tbody><\/table>\t\t\t\t\t\t\t\t<\/div>\n\t\t\t\t<\/div>\n\t\t\t\t\t<\/div>\n\t\t\t\t<\/div>\n\t\t\t\t<\/div>\n\t\t","protected":false},"excerpt":{"rendered":"<p>Ann\u00e9e M\u00e9dia et sujet Mai 2012 RDS \u00c9duquer pour pr\u00e9venir les commotions Mai 2012 TVA Nouvelles Semaine qu\u00e9b\u00e9coise du traumatisme cranioc\u00e9r\u00e9bral Avril 2012 RDI Commotion c\u00e9r\u00e9brale de Carey Price Mars 2012 The Globe and Mail Les commotions c\u00e9r\u00e9brales d\u2019origine sportive frappent durement le cerveau de l\u2019adolescent F\u00e9vrier 2012 Times Colonist Les adolescents souffrent de plus [&hellip;]<\/p>\n","protected":false},"author":1,"featured_media":16006,"parent":0,"menu_order":39,"comment_status":"closed","ping_status":"closed","template":"elementor_header_footer","meta":{"_acf_changed":false,"site-sidebar-layout":"no-sidebar","site-content-layout":"","ast-site-content-layout":"full-width-container","site-content-style":"unboxed","site-sidebar-style":"default","ast-global-header-display":"","ast-banner-title-visibility":"","ast-main-header-display":"","ast-hfb-above-header-display":"","ast-hfb-below-header-display":"","ast-hfb-mobile-header-display":"","site-post-title":"disabled","ast-breadcrumbs-content":"","ast-featured-img":"disabled","footer-sml-layout":"","theme-transparent-header-meta":"enabled","adv-header-id-meta":"","stick-header-meta":"default","header-above-stick-meta":"","header-main-stick-meta":"","header-below-stick-meta":"","astra-migrate-meta-layouts":"set","ast-page-background-enabled":"default","ast-page-background-meta":{"desktop":{"background-color":"var(--ast-global-color-4)","background-image":"","background-repeat":"repeat","background-position":"center center","background-size":"auto","background-attachment":"scroll","background-type":"","background-media":"","overlay-type":"","overlay-color":"","overlay-opacity":"","overlay-gradient":""},"tablet":{"background-color":"","background-image":"","background-repeat":"repeat","background-position":"center center","background-size":"auto","background-attachment":"scroll","background-type":"","background-media":"","overlay-type":"","overlay-color":"","overlay-opacity":"","overlay-gradient":""},"mobile":{"background-color":"","background-image":"","background-repeat":"repeat","background-position":"center center","background-size":"auto","background-attachment":"scroll","background-type":"","background-media":"","overlay-type":"","overlay-color":"","overlay-opacity":"","overlay-gradient":""}},"ast-content-background-meta":{"desktop":{"background-color":"var(--ast-global-color-5)","background-image":"","background-repeat":"repeat","background-position":"center center","background-size":"auto","background-attachment":"scroll","background-type":"","background-media":"","overlay-type":"","overlay-color":"","overlay-opacity":"","overlay-gradient":""},"tablet":{"background-color":"var(--ast-global-color-5)","background-image":"","background-repeat":"repeat","background-position":"center center","background-size":"auto","background-attachment":"scroll","background-type":"","background-media":"","overlay-type":"","overlay-color":"","overlay-opacity":"","overlay-gradient":""},"mobile":{"background-color":"var(--ast-global-color-5)","background-image":"","background-repeat":"repeat","background-position":"center center","background-size":"auto","background-attachment":"scroll","background-type":"","background-media":"","overlay-type":"","overlay-color":"","overlay-opacity":"","overlay-gradient":""}},"footnotes":""},"class_list":["post-17303","page","type-page","status-publish","has-post-thumbnail","hentry"],"acf":[],"yoast_head":"<!-- This site is optimized with the Yoast SEO plugin v26.2 - https:\/\/yoast.com\/wordpress\/plugins\/seo\/ -->\n<title>Medias | Neuropsychology Articles Research Updates | CENTAM<\/title>\n<meta name=\"description\" content=\"Browse neuropsychology articles featured in neuropsychology media covering research highlights, publications, and public communication. Read the articles.\" \/>\n<meta name=\"robots\" content=\"index, follow, max-snippet:-1, max-image-preview:large, max-video-preview:-1\" \/>\n<link rel=\"canonical\" href=\"https:\/\/centam.ca\/en\/medias\/\" \/>\n<meta property=\"og:locale\" content=\"en_US\" \/>\n<meta property=\"og:type\" content=\"article\" \/>\n<meta property=\"og:title\" content=\"Medias | Neuropsychology Articles Research Updates | CENTAM\" \/>\n<meta property=\"og:description\" content=\"Browse neuropsychology articles featured in neuropsychology media covering research highlights, publications, and public communication. Read the articles.\" \/>\n<meta property=\"og:url\" content=\"https:\/\/centam.ca\/en\/medias\/\" \/>\n<meta property=\"og:site_name\" content=\"CENTAM\" \/>\n<meta property=\"article:modified_time\" content=\"2026-02-16T16:29:44+00:00\" \/>\n<meta property=\"og:image\" content=\"https:\/\/centam.ca\/wp-content\/uploads\/2024\/07\/dr-dave-ellemberg-scaled.jpg\" \/>\n\t<meta property=\"og:image:width\" content=\"2048\" \/>\n\t<meta property=\"og:image:height\" content=\"1365\" \/>\n\t<meta property=\"og:image:type\" content=\"image\/jpeg\" \/>\n<meta name=\"twitter:card\" content=\"summary_large_image\" \/>\n<meta name=\"twitter:label1\" content=\"Est. reading time\" \/>\n\t<meta name=\"twitter:data1\" content=\"5 minutes\" \/>\n<!-- \/ Yoast SEO plugin. -->","yoast_head_json":{"title":"Medias | Neuropsychology Articles Research Updates | CENTAM","description":"Browse neuropsychology articles featured in neuropsychology media covering research highlights, publications, and public communication. Read the articles.","robots":{"index":"index","follow":"follow","max-snippet":"max-snippet:-1","max-image-preview":"max-image-preview:large","max-video-preview":"max-video-preview:-1"},"canonical":"https:\/\/centam.ca\/en\/medias\/","og_locale":"en_US","og_type":"article","og_title":"Medias | Neuropsychology Articles Research Updates | CENTAM","og_description":"Browse neuropsychology articles featured in neuropsychology media covering research highlights, publications, and public communication. Read the articles.","og_url":"https:\/\/centam.ca\/en\/medias\/","og_site_name":"CENTAM","article_modified_time":"2026-02-16T16:29:44+00:00","og_image":[{"width":2048,"height":1365,"url":"https:\/\/centam.ca\/wp-content\/uploads\/2024\/07\/dr-dave-ellemberg-scaled.jpg","type":"image\/jpeg"}],"twitter_card":"summary_large_image","twitter_misc":{"Est. reading time":"5 minutes"},"schema":{"@context":"https:\/\/schema.org","@graph":[{"@type":"WebPage","@id":"https:\/\/centam.ca\/en\/medias\/","url":"https:\/\/centam.ca\/en\/medias\/","name":"Medias | Neuropsychology Articles Research Updates | CENTAM","isPartOf":{"@id":"https:\/\/centam.ca\/en\/#website"},"primaryImageOfPage":{"@id":"https:\/\/centam.ca\/en\/medias\/#primaryimage"},"image":{"@id":"https:\/\/centam.ca\/en\/medias\/#primaryimage"},"thumbnailUrl":"https:\/\/centam.ca\/wp-content\/uploads\/2024\/07\/dr-dave-ellemberg-scaled.jpg","datePublished":"2024-07-17T10:47:14+00:00","dateModified":"2026-02-16T16:29:44+00:00","description":"Browse neuropsychology articles featured in neuropsychology media covering research highlights, publications, and public communication. Read the articles.","inLanguage":"en-US","potentialAction":[{"@type":"ReadAction","target":["https:\/\/centam.ca\/en\/medias\/"]}]},{"@type":"ImageObject","inLanguage":"en-US","@id":"https:\/\/centam.ca\/en\/medias\/#primaryimage","url":"https:\/\/centam.ca\/wp-content\/uploads\/2024\/07\/dr-dave-ellemberg-scaled.jpg","contentUrl":"https:\/\/centam.ca\/wp-content\/uploads\/2024\/07\/dr-dave-ellemberg-scaled.jpg","width":2048,"height":1365,"caption":"Photo professionnelle, photo de casting, portrait d'entreprise"},{"@type":"WebSite","@id":"https:\/\/centam.ca\/en\/#website","url":"https:\/\/centam.ca\/en\/","name":"Clinique d'\u00e9valuation neuropsychologique et des troubles d'apprentissage de Montr\u00e9al","description":"Clinique d&#039;\u00e9valuation neuropsychologique et des troubles d&#039;apprentissage de Montr\u00e9al","publisher":{"@id":"https:\/\/centam.ca\/en\/#organization"},"alternateName":"CENTAM","potentialAction":[{"@type":"SearchAction","target":{"@type":"EntryPoint","urlTemplate":"https:\/\/centam.ca\/en\/?s={search_term_string}"},"query-input":{"@type":"PropertyValueSpecification","valueRequired":true,"valueName":"search_term_string"}}],"inLanguage":"en-US"},{"@type":"Organization","@id":"https:\/\/centam.ca\/en\/#organization","name":"CENTAM","url":"https:\/\/centam.ca\/en\/","logo":{"@type":"ImageObject","inLanguage":"en-US","@id":"https:\/\/centam.ca\/en\/#\/schema\/logo\/image\/","url":"https:\/\/centam.ca\/wp-content\/uploads\/2025\/02\/logo_centam.png","contentUrl":"https:\/\/centam.ca\/wp-content\/uploads\/2025\/02\/logo_centam.png","width":1000,"height":310,"caption":"CENTAM"},"image":{"@id":"https:\/\/centam.ca\/en\/#\/schema\/logo\/image\/"}}]}},"_links":{"self":[{"href":"https:\/\/centam.ca\/en\/wp-json\/wp\/v2\/pages\/17303","targetHints":{"allow":["GET"]}}],"collection":[{"href":"https:\/\/centam.ca\/en\/wp-json\/wp\/v2\/pages"}],"about":[{"href":"https:\/\/centam.ca\/en\/wp-json\/wp\/v2\/types\/page"}],"author":[{"embeddable":true,"href":"https:\/\/centam.ca\/en\/wp-json\/wp\/v2\/users\/1"}],"replies":[{"embeddable":true,"href":"https:\/\/centam.ca\/en\/wp-json\/wp\/v2\/comments?post=17303"}],"version-history":[{"count":1,"href":"https:\/\/centam.ca\/en\/wp-json\/wp\/v2\/pages\/17303\/revisions"}],"predecessor-version":[{"id":17304,"href":"https:\/\/centam.ca\/en\/wp-json\/wp\/v2\/pages\/17303\/revisions\/17304"}],"wp:featuredmedia":[{"embeddable":true,"href":"https:\/\/centam.ca\/en\/wp-json\/wp\/v2\/media\/16006"}],"wp:attachment":[{"href":"https:\/\/centam.ca\/en\/wp-json\/wp\/v2\/media?parent=17303"}],"curies":[{"name":"wp","href":"https:\/\/api.w.org\/{rel}","templated":true}]}}